{"id":2169,"date":"2022-04-26T07:29:55","date_gmt":"2022-04-26T07:29:55","guid":{"rendered":"https:\/\/restaurante-atlantico.pt\/contactos\/"},"modified":"2026-02-22T15:18:55","modified_gmt":"2026-02-22T15:18:55","slug":"contactos","status":"publish","type":"page","link":"https:\/\/restaurante-atlantico.pt\/fr\/contactos\/","title":{"rendered":"Contactos"},"content":{"rendered":"\t\t<div data-elementor-type=\"wp-page\" data-elementor-id=\"2169\" class=\"elementor elementor-2169\">\n\t\t\t\t\t\t<section class=\"elementor-section elementor-top-section elementor-element elementor-element-08444e7 elementor-section-full_width elementor-section-height-min-height elementor-section-items-stretch elementor-section-height-default\" data-id=\"08444e7\" data-element_type=\"section\" data-settings=\"{&quot;background_background&quot;:&quot;classic&quot;}\">\n\t\t\t\t\t\t<div class=\"elementor-container elementor-column-gap-no\">\n\t\t\t\t\t<div class=\"elementor-column elementor-col-50 elementor-top-column elementor-element elementor-element-42f2081\" data-id=\"42f2081\" data-element_type=\"column\">\n\t\t\t<div class=\"elementor-widget-wrap elementor-element-populated\">\n\t\t\t\t\t\t<div class=\"elementor-element elementor-element-08e53bf elementor-widget elementor-widget-pt_title\" data-id=\"08e53bf\" data-element_type=\"widget\" data-widget_type=\"pt_title.default\">\n\t\t\t\t<div class=\"elementor-widget-container\">\n\t\t\t\t\t\n        <div class=\"pt-title-wrap\">\t            <div class=\"pt-subtitle-wrap\"><span class=\"pt-subtitle color-secondary\">Nous vous attendons<\/span><\/div>\t            <h4 class=\"pt-title\">\n\t                Contactez-nous\t            <\/h4>\t            <div class=\"pt-title-text\">\n\t                <p>Avenida dos Pescadores 3, 8600-130 Praia da Luz &#8211; Lagos &#8211; Algarve &#8211; Portugal<\/p>\t            <\/div>        <\/div>\t\t\t\t<\/div>\n\t\t\t\t<\/div>\n\t\t\t\t<section class=\"elementor-section elementor-inner-section elementor-element elementor-element-22662fe elementor-section-boxed elementor-section-height-default elementor-section-height-default\" data-id=\"22662fe\" data-element_type=\"section\">\n\t\t\t\t\t\t<div class=\"elementor-container elementor-column-gap-default\">\n\t\t\t\t\t<div class=\"elementor-column elementor-col-50 elementor-inner-column elementor-element elementor-element-7daf607\" data-id=\"7daf607\" data-element_type=\"column\">\n\t\t\t<div class=\"elementor-widget-wrap elementor-element-populated\">\n\t\t\t\t\t\t<div class=\"elementor-element elementor-element-02e2766 elementor-align-center elementor-widget elementor-widget-pt_button\" data-id=\"02e2766\" data-element_type=\"widget\" data-widget_type=\"pt_button.default\">\n\t\t\t\t<div class=\"elementor-widget-container\">\n\t\t\t\t\t        <a href=\"https:\/\/wa.me\/+351926008502\" class=\"elementor-button-link button pt-btn-outline\" role=\"button\">\n            <span class=\"pt-btn-text\">WhatsApp<\/span>\n        <\/a>\t\t\t\t<\/div>\n\t\t\t\t<\/div>\n\t\t\t\t\t<\/div>\n\t\t<\/div>\n\t\t\t\t<div class=\"elementor-column elementor-col-50 elementor-inner-column elementor-element elementor-element-6450547\" data-id=\"6450547\" data-element_type=\"column\">\n\t\t\t<div class=\"elementor-widget-wrap elementor-element-populated\">\n\t\t\t\t\t\t<div class=\"elementor-element elementor-element-e39e45b elementor-align-center elementor-widget elementor-widget-pt_button\" data-id=\"e39e45b\" data-element_type=\"widget\" data-widget_type=\"pt_button.default\">\n\t\t\t\t<div class=\"elementor-widget-container\">\n\t\t\t\t\t        <a href=\"tel:+351926008502\" class=\"elementor-button-link button pt-btn-outline\" role=\"button\">\n            <span class=\"pt-btn-text\">T\u00e9l\u00e9phone*<\/span>\n        <\/a>\t\t\t\t<\/div>\n\t\t\t\t<\/div>\n\t\t\t\t\t<\/div>\n\t\t<\/div>\n\t\t\t\t\t<\/div>\n\t\t<\/section>\n\t\t\t\t<div class=\"elementor-element elementor-element-dc669cc elementor-widget elementor-widget-text-editor\" data-id=\"dc669cc\" data-element_type=\"widget\" data-widget_type=\"text-editor.default\">\n\t\t\t\t<div class=\"elementor-widget-container\">\n\t\t\t\t\t\t\t\t\t<p>*Appel vers le r\u00e9seau mobile national<\/p>\t\t\t\t\t\t\t\t<\/div>\n\t\t\t\t<\/div>\n\t\t\t\t<div class=\"elementor-element elementor-element-436813d elementor-widget elementor-widget-google_maps\" data-id=\"436813d\" data-element_type=\"widget\" data-widget_type=\"google_maps.default\">\n\t\t\t\t<div class=\"elementor-widget-container\">\n\t\t\t\t\t\t\t<div class=\"elementor-custom-embed\">\n\t\t\t<iframe loading=\"lazy\"\n\t\t\t\t\tsrc=\"https:\/\/maps.google.com\/maps?q=Avenida%20dos%20Pescadores%203%2C%208600-130%20Lagos%2C%20Portugal%208600-130%20Lagos&#038;t=m&#038;z=13&#038;output=embed&#038;iwloc=near\"\n\t\t\t\t\ttitle=\"Avenida dos Pescadores 3, 8600-130 Lagos, Portugal 8600-130 Lagos\"\n\t\t\t\t\taria-label=\"Avenida dos Pescadores 3, 8600-130 Lagos, Portugal 8600-130 Lagos\"\n\t\t\t><\/iframe>\n\t\t<\/div>\n\t\t\t\t\t\t<\/div>\n\t\t\t\t<\/div>\n\t\t\t\t\t<\/div>\n\t\t<\/div>\n\t\t\t\t<div class=\"elementor-column elementor-col-50 elementor-top-column elementor-element elementor-element-646e4c5\" data-id=\"646e4c5\" data-element_type=\"column\" data-settings=\"{&quot;background_background&quot;:&quot;classic&quot;}\">\n\t\t\t<div class=\"elementor-widget-wrap elementor-element-populated\">\n\t\t\t\t\t\t<div class=\"elementor-element elementor-element-64328f2 elementor-widget elementor-widget-spacer\" data-id=\"64328f2\" data-element_type=\"widget\" data-widget_type=\"spacer.default\">\n\t\t\t\t<div class=\"elementor-widget-container\">\n\t\t\t\t\t\t\t<div class=\"elementor-spacer\">\n\t\t\t<div class=\"elementor-spacer-inner\"><\/div>\n\t\t<\/div>\n\t\t\t\t\t\t<\/div>\n\t\t\t\t<\/div>\n\t\t\t\t\t<\/div>\n\t\t<\/div>\n\t\t\t\t\t<\/div>\n\t\t<\/section>\n\t\t\t\t<section class=\"elementor-section elementor-top-section elementor-element elementor-element-3263f7e elementor-section-boxed elementor-section-height-default elementor-section-height-default\" data-id=\"3263f7e\" data-element_type=\"section\">\n\t\t\t\t\t\t<div class=\"elementor-container elementor-column-gap-no\">\n\t\t\t\t\t<div class=\"elementor-column elementor-col-100 elementor-top-column elementor-element elementor-element-9c50669\" data-id=\"9c50669\" data-element_type=\"column\">\n\t\t\t<div class=\"elementor-widget-wrap elementor-element-populated\">\n\t\t\t\t\t\t<div class=\"elementor-element elementor-element-40b8a36 elementor-widget elementor-widget-pt_title\" data-id=\"40b8a36\" data-element_type=\"widget\" data-widget_type=\"pt_title.default\">\n\t\t\t\t<div class=\"elementor-widget-container\">\n\t\t\t\t\t\n        <div class=\"pt-title-wrap text-center\">\t            <div class=\"pt-subtitle-wrap\"><span class=\"pt-subtitle color-secondary\">Contactez-nous<\/span><\/div>\t            <h4 class=\"pt-title\">\n\t                Envoyez un e-mail\t            <\/h4>        <\/div>\t\t\t\t<\/div>\n\t\t\t\t<\/div>\n\t\t\t\t<div class=\"elementor-element elementor-element-1fe1ed8 elementor-widget elementor-widget-pt_form_cf7\" data-id=\"1fe1ed8\" data-element_type=\"widget\" data-widget_type=\"pt_form_cf7.default\">\n\t\t\t\t<div class=\"elementor-widget-container\">\n\t\t\t\t\t            <div class=\"pt-form-cf7 placeholder-normal\">\n                <div class=\"pt-form-cf7-wrap\">\n<div class=\"wpcf7 no-js\" id=\"wpcf7-f9-o1\" lang=\"pt-PT\" dir=\"ltr\" data-wpcf7-id=\"9\">\n<div class=\"screen-reader-response\"><p role=\"status\" aria-live=\"polite\" aria-atomic=\"true\"><\/p> <ul><\/ul><\/div>\n<form action=\"\/fr\/wp-json\/wp\/v2\/pages\/2169#wpcf7-f9-o1\" method=\"post\" class=\"wpcf7-form init\" aria-label=\"Formul\u00e1rio de contacto\" novalidate=\"novalidate\" data-status=\"init\">\n<fieldset class=\"hidden-fields-container\"><input type=\"hidden\" name=\"_wpcf7\" value=\"9\" \/><input type=\"hidden\" name=\"_wpcf7_version\" value=\"6.1.2\" \/><input type=\"hidden\" name=\"_wpcf7_locale\" value=\"pt_PT\" \/><input type=\"hidden\" name=\"_wpcf7_unit_tag\" value=\"wpcf7-f9-o1\" \/><input type=\"hidden\" name=\"_wpcf7_container_post\" value=\"0\" \/><input type=\"hidden\" name=\"_wpcf7_posted_data_hash\" value=\"\" \/>\n<\/fieldset>\n<p><label> O seu nome<br \/>\n<span class=\"wpcf7-form-control-wrap\" data-name=\"your-name\"><input size=\"40\" maxlength=\"400\" class=\"wpcf7-form-control wpcf7-text wpcf7-validates-as-required\" autocomplete=\"name\" aria-required=\"true\" aria-invalid=\"false\" value=\"\" type=\"text\" name=\"your-name\" \/><\/span> <\/label>\n<\/p>\n<p><label> O seu email<br \/>\n<span class=\"wpcf7-form-control-wrap\" data-name=\"your-email\"><input size=\"40\" maxlength=\"400\" class=\"wpcf7-form-control wpcf7-email wpcf7-validates-as-required wpcf7-text wpcf7-validates-as-email\" autocomplete=\"email\" aria-required=\"true\" aria-invalid=\"false\" value=\"\" type=\"email\" name=\"your-email\" \/><\/span> <\/label>\n<\/p>\n<p><label> Assunto<br \/>\n<span class=\"wpcf7-form-control-wrap\" data-name=\"your-subject\"><input size=\"40\" maxlength=\"400\" class=\"wpcf7-form-control wpcf7-text wpcf7-validates-as-required\" aria-required=\"true\" aria-invalid=\"false\" value=\"\" type=\"text\" name=\"your-subject\" \/><\/span> <\/label>\n<\/p>\n<p><label> A sua mensagem (opcional)<br \/>\n<span class=\"wpcf7-form-control-wrap\" data-name=\"your-message\"><textarea cols=\"40\" rows=\"10\" maxlength=\"2000\" class=\"wpcf7-form-control wpcf7-textarea\" aria-invalid=\"false\" name=\"your-message\"><\/textarea><\/span> <\/label>\n<\/p>\n<p><input class=\"wpcf7-form-control wpcf7-submit has-spinner\" type=\"submit\" value=\"Submeter\" \/>\n<\/p><div class=\"wpcf7-response-output\" aria-hidden=\"true\"><\/div>\n<\/form>\n<\/div>\n<\/div>\n            <\/div>\t\t\t\t<\/div>\n\t\t\t\t<\/div>\n\t\t\t\t\t<\/div>\n\t\t<\/div>\n\t\t\t\t\t<\/div>\n\t\t<\/section>\n\t\t\t\t<\/div>\n\t\t","protected":false},"excerpt":{"rendered":"<p>Nous vous attendons Contactez-nous Avenida dos Pescadores 3, 8600-130 Praia da Luz &#8211; Lagos &#8211; Algarve &#8211; Portugal WhatsApp T\u00e9l\u00e9phone* *Appel vers le r\u00e9seau mobile national Contactez-nous Envoyez un e-mail O seu nome O seu email Assunto A sua mensagem (opcional)<\/p>\n","protected":false},"author":1,"featured_media":0,"parent":0,"menu_order":0,"comment_status":"closed","ping_status":"closed","template":"template-wide-content.php","meta":{"patiotime_single_page_hide_site_header":"","patiotime_single_page_site_header_source":"","patiotime_single_page_custom_site_header":"","patiotime_single_page_custom_sticky_site_header":"","patiotime_single_page_hide_page_title":"on","patiotime_single_page_header_section_size":"","patiotime_single_page_header_background_color":"","patiotime_single_page_header_background_position_x":"center","patiotime_single_page_header_background_position_y":"center","patiotime_single_page_header_background_size":"cover","patiotime_single_page_header_background_repeat":"off","patiotime_single_page_header_background_scroll":"on","patiotime_single_page_header_text_color":"","patiotime_single_page_header_show_breadcrumb":"","patiotime_single_page_site_footer_hide_main":"","patiotime_single_custom_site_footer_main_source":"","patiotime_single_custom_site_footer_main":"","patiotime_single_page_site_footer_hide_above":"","patiotime_single_custom_site_footer_above_source":"","patiotime_single_custom_site_footer_above":"","patiotime_single_page_site_footer_hide_instagram":"","patiotime_single_page_site_footer_hide_bottom":"","patiotime_single_custom_mobile_menu_source":"","patiotime_single_custom_mobile_menu":"","patiotime_single_custom_mobile_menu_animation":"","patiotime_single_custom_mobile_menu_width":"","patiotime_single_custom_mobile_menu_custom_width":375,"footnotes":""},"class_list":["post-2169","page","type-page","status-publish","hentry"],"yoast_head":"<!-- This site is optimized with the Yoast SEO plugin v26.1.1 - https:\/\/yoast.com\/wordpress\/plugins\/seo\/ -->\n<title>Contactos - Restaurante Atl\u00e2ntico<\/title>\n<meta name=\"description\" content=\"Entre em contacto com o Restaurante Atl\u00e2ntico para reservas e informa\u00e7\u00f5es. Temos todo o prazer de tornar a sua experi\u00eancia inesquec\u00edvel.\" \/>\n<meta name=\"robots\" content=\"index, follow, max-snippet:-1, max-image-preview:large, max-video-preview:-1\" \/>\n<link rel=\"canonical\" href=\"https:\/\/restaurante-atlantico.pt\/fr\/contactos\/\" \/>\n<meta property=\"og:locale\" content=\"fr_FR\" \/>\n<meta property=\"og:type\" content=\"article\" \/>\n<meta property=\"og:title\" content=\"Contactos - Restaurante Atl\u00e2ntico\" \/>\n<meta property=\"og:description\" content=\"Entre em contacto com o Restaurante Atl\u00e2ntico para reservas e informa\u00e7\u00f5es. Temos todo o prazer de tornar a sua experi\u00eancia inesquec\u00edvel.\" \/>\n<meta property=\"og:url\" content=\"https:\/\/restaurante-atlantico.pt\/fr\/contactos\/\" \/>\n<meta property=\"og:site_name\" content=\"Restaurante Atl\u00e2ntico\" \/>\n<meta property=\"article:modified_time\" content=\"2026-02-22T15:18:55+00:00\" \/>\n<meta name=\"twitter:card\" content=\"summary_large_image\" \/>\n<meta name=\"twitter:label1\" content=\"Dur\u00e9e de lecture estim\u00e9e\" \/>\n\t<meta name=\"twitter:data1\" content=\"1 minute\" \/>\n<script type=\"application\/ld+json\" class=\"yoast-schema-graph\">{\"@context\":\"https:\/\/schema.org\",\"@graph\":[{\"@type\":\"WebPage\",\"@id\":\"https:\/\/restaurante-atlantico.pt\/fr\/contactos\/\",\"url\":\"https:\/\/restaurante-atlantico.pt\/fr\/contactos\/\",\"name\":\"Contactos - Restaurante Atl\u00e2ntico\",\"isPartOf\":{\"@id\":\"https:\/\/restaurante-atlantico.pt\/#website\"},\"datePublished\":\"2022-04-26T07:29:55+00:00\",\"dateModified\":\"2026-02-22T15:18:55+00:00\",\"description\":\"Entre em contacto com o Restaurante Atl\u00e2ntico para reservas e informa\u00e7\u00f5es. Temos todo o prazer de tornar a sua experi\u00eancia inesquec\u00edvel.\",\"breadcrumb\":{\"@id\":\"https:\/\/restaurante-atlantico.pt\/fr\/contactos\/#breadcrumb\"},\"inLanguage\":\"fr-FR\",\"potentialAction\":[{\"@type\":\"ReadAction\",\"target\":[\"https:\/\/restaurante-atlantico.pt\/fr\/contactos\/\"]}]},{\"@type\":\"BreadcrumbList\",\"@id\":\"https:\/\/restaurante-atlantico.pt\/fr\/contactos\/#breadcrumb\",\"itemListElement\":[{\"@type\":\"ListItem\",\"position\":1,\"name\":\"In\u00edcio\",\"item\":\"https:\/\/restaurante-atlantico.pt\/fr\/\"},{\"@type\":\"ListItem\",\"position\":2,\"name\":\"Contactos\"}]},{\"@type\":\"WebSite\",\"@id\":\"https:\/\/restaurante-atlantico.pt\/#website\",\"url\":\"https:\/\/restaurante-atlantico.pt\/\",\"name\":\"Restaurante Atl\u00e2ntico\",\"description\":\"Comida Tradicional na Praia da Luz - Lagos - Algarve\",\"publisher\":{\"@id\":\"https:\/\/restaurante-atlantico.pt\/#organization\"},\"potentialAction\":[{\"@type\":\"SearchAction\",\"target\":{\"@type\":\"EntryPoint\",\"urlTemplate\":\"https:\/\/restaurante-atlantico.pt\/?s={search_term_string}\"},\"query-input\":{\"@type\":\"PropertyValueSpecification\",\"valueRequired\":true,\"valueName\":\"search_term_string\"}}],\"inLanguage\":\"fr-FR\"},{\"@type\":\"Organization\",\"@id\":\"https:\/\/restaurante-atlantico.pt\/#organization\",\"name\":\"Restaurante Atl\u00e2ntico\",\"url\":\"https:\/\/restaurante-atlantico.pt\/\",\"logo\":{\"@type\":\"ImageObject\",\"inLanguage\":\"fr-FR\",\"@id\":\"https:\/\/restaurante-atlantico.pt\/#\/schema\/logo\/image\/\",\"url\":\"https:\/\/restaurante-atlantico.pt\/wp-content\/uploads\/2023\/06\/atlantico-logo.png\",\"contentUrl\":\"https:\/\/restaurante-atlantico.pt\/wp-content\/uploads\/2023\/06\/atlantico-logo.png\",\"width\":500,\"height\":74,\"caption\":\"Restaurante Atl\u00e2ntico\"},\"image\":{\"@id\":\"https:\/\/restaurante-atlantico.pt\/#\/schema\/logo\/image\/\"}}]}<\/script>\n<!-- \/ Yoast SEO plugin. -->","yoast_head_json":{"title":"Contactos - Restaurante Atl\u00e2ntico","description":"Entre em contacto com o Restaurante Atl\u00e2ntico para reservas e informa\u00e7\u00f5es. Temos todo o prazer de tornar a sua experi\u00eancia inesquec\u00edvel.","robots":{"index":"index","follow":"follow","max-snippet":"max-snippet:-1","max-image-preview":"max-image-preview:large","max-video-preview":"max-video-preview:-1"},"canonical":"https:\/\/restaurante-atlantico.pt\/fr\/contactos\/","og_locale":"fr_FR","og_type":"article","og_title":"Contactos - Restaurante Atl\u00e2ntico","og_description":"Entre em contacto com o Restaurante Atl\u00e2ntico para reservas e informa\u00e7\u00f5es. Temos todo o prazer de tornar a sua experi\u00eancia inesquec\u00edvel.","og_url":"https:\/\/restaurante-atlantico.pt\/fr\/contactos\/","og_site_name":"Restaurante Atl\u00e2ntico","article_modified_time":"2026-02-22T15:18:55+00:00","twitter_card":"summary_large_image","twitter_misc":{"Dur\u00e9e de lecture estim\u00e9e":"1 minute"},"schema":{"@context":"https:\/\/schema.org","@graph":[{"@type":"WebPage","@id":"https:\/\/restaurante-atlantico.pt\/fr\/contactos\/","url":"https:\/\/restaurante-atlantico.pt\/fr\/contactos\/","name":"Contactos - Restaurante Atl\u00e2ntico","isPartOf":{"@id":"https:\/\/restaurante-atlantico.pt\/#website"},"datePublished":"2022-04-26T07:29:55+00:00","dateModified":"2026-02-22T15:18:55+00:00","description":"Entre em contacto com o Restaurante Atl\u00e2ntico para reservas e informa\u00e7\u00f5es. Temos todo o prazer de tornar a sua experi\u00eancia inesquec\u00edvel.","breadcrumb":{"@id":"https:\/\/restaurante-atlantico.pt\/fr\/contactos\/#breadcrumb"},"inLanguage":"fr-FR","potentialAction":[{"@type":"ReadAction","target":["https:\/\/restaurante-atlantico.pt\/fr\/contactos\/"]}]},{"@type":"BreadcrumbList","@id":"https:\/\/restaurante-atlantico.pt\/fr\/contactos\/#breadcrumb","itemListElement":[{"@type":"ListItem","position":1,"name":"In\u00edcio","item":"https:\/\/restaurante-atlantico.pt\/fr\/"},{"@type":"ListItem","position":2,"name":"Contactos"}]},{"@type":"WebSite","@id":"https:\/\/restaurante-atlantico.pt\/#website","url":"https:\/\/restaurante-atlantico.pt\/","name":"Restaurante Atl\u00e2ntico","description":"Comida Tradicional na Praia da Luz - Lagos - Algarve","publisher":{"@id":"https:\/\/restaurante-atlantico.pt\/#organization"},"potentialAction":[{"@type":"SearchAction","target":{"@type":"EntryPoint","urlTemplate":"https:\/\/restaurante-atlantico.pt\/?s={search_term_string}"},"query-input":{"@type":"PropertyValueSpecification","valueRequired":true,"valueName":"search_term_string"}}],"inLanguage":"fr-FR"},{"@type":"Organization","@id":"https:\/\/restaurante-atlantico.pt\/#organization","name":"Restaurante Atl\u00e2ntico","url":"https:\/\/restaurante-atlantico.pt\/","logo":{"@type":"ImageObject","inLanguage":"fr-FR","@id":"https:\/\/restaurante-atlantico.pt\/#\/schema\/logo\/image\/","url":"https:\/\/restaurante-atlantico.pt\/wp-content\/uploads\/2023\/06\/atlantico-logo.png","contentUrl":"https:\/\/restaurante-atlantico.pt\/wp-content\/uploads\/2023\/06\/atlantico-logo.png","width":500,"height":74,"caption":"Restaurante Atl\u00e2ntico"},"image":{"@id":"https:\/\/restaurante-atlantico.pt\/#\/schema\/logo\/image\/"}}]}},"_links":{"self":[{"href":"https:\/\/restaurante-atlantico.pt\/fr\/wp-json\/wp\/v2\/pages\/2169","targetHints":{"allow":["GET"]}}],"collection":[{"href":"https:\/\/restaurante-atlantico.pt\/fr\/wp-json\/wp\/v2\/pages"}],"about":[{"href":"https:\/\/restaurante-atlantico.pt\/fr\/wp-json\/wp\/v2\/types\/page"}],"author":[{"embeddable":true,"href":"https:\/\/restaurante-atlantico.pt\/fr\/wp-json\/wp\/v2\/users\/1"}],"replies":[{"embeddable":true,"href":"https:\/\/restaurante-atlantico.pt\/fr\/wp-json\/wp\/v2\/comments?post=2169"}],"version-history":[{"count":4,"href":"https:\/\/restaurante-atlantico.pt\/fr\/wp-json\/wp\/v2\/pages\/2169\/revisions"}],"predecessor-version":[{"id":2215,"href":"https:\/\/restaurante-atlantico.pt\/fr\/wp-json\/wp\/v2\/pages\/2169\/revisions\/2215"}],"wp:attachment":[{"href":"https:\/\/restaurante-atlantico.pt\/fr\/wp-json\/wp\/v2\/media?parent=2169"}],"curies":[{"name":"wp","href":"https:\/\/api.w.org\/{rel}","templated":true}]}}