{"id":2172,"date":"2022-04-26T07:29:19","date_gmt":"2022-04-26T07:29:19","guid":{"rendered":"https:\/\/restaurante-atlantico.pt\/home\/"},"modified":"2026-02-22T16:08:15","modified_gmt":"2026-02-22T16:08:15","slug":"home","status":"publish","type":"page","link":"https:\/\/restaurante-atlantico.pt\/fr\/","title":{"rendered":"Home"},"content":{"rendered":"\t\t<div data-elementor-type=\"wp-page\" data-elementor-id=\"2172\" class=\"elementor elementor-2172\">\n\t\t\t\t\t\t<section class=\"elementor-section elementor-top-section elementor-element elementor-element-e8797ab elementor-section-full_width elementor-section-height-default elementor-section-height-default\" data-id=\"e8797ab\" data-element_type=\"section\" data-settings=\"{&quot;background_background&quot;:&quot;classic&quot;}\">\n\t\t\t\t\t\t<div class=\"elementor-container elementor-column-gap-no\">\n\t\t\t\t\t<div class=\"elementor-column elementor-col-100 elementor-top-column elementor-element elementor-element-2f16ac9\" data-id=\"2f16ac9\" data-element_type=\"column\">\n\t\t\t<div class=\"elementor-widget-wrap elementor-element-populated\">\n\t\t\t\t\t\t<section class=\"elementor-section elementor-inner-section elementor-element elementor-element-9697b65 elementor-section-height-min-height elementor-section-content-middle pt-section-content-fullwidth elementor-section-full_width elementor-section-height-default\" data-id=\"9697b65\" data-element_type=\"section\" data-settings=\"{&quot;background_background&quot;:&quot;slideshow&quot;,&quot;background_slideshow_gallery&quot;:[{&quot;id&quot;:2025,&quot;url&quot;:&quot;https:\\\/\\\/restaurante-atlantico.pt\\\/wp-content\\\/uploads\\\/2025\\\/07\\\/3.jpg&quot;},{&quot;id&quot;:2029,&quot;url&quot;:&quot;https:\\\/\\\/restaurante-atlantico.pt\\\/wp-content\\\/uploads\\\/2025\\\/07\\\/5.jpg&quot;},{&quot;id&quot;:2021,&quot;url&quot;:&quot;https:\\\/\\\/restaurante-atlantico.pt\\\/wp-content\\\/uploads\\\/2025\\\/07\\\/1.jpg&quot;},{&quot;id&quot;:1899,&quot;url&quot;:&quot;https:\\\/\\\/restaurante-atlantico.pt\\\/wp-content\\\/uploads\\\/2024\\\/07\\\/camaroes-8.jpg&quot;},{&quot;id&quot;:1587,&quot;url&quot;:&quot;https:\\\/\\\/restaurante-atlantico.pt\\\/wp-content\\\/uploads\\\/2023\\\/07\\\/atlantico-fotos-2.jpg&quot;},{&quot;id&quot;:2023,&quot;url&quot;:&quot;https:\\\/\\\/restaurante-atlantico.pt\\\/wp-content\\\/uploads\\\/2025\\\/07\\\/2.jpg&quot;},{&quot;id&quot;:1595,&quot;url&quot;:&quot;https:\\\/\\\/restaurante-atlantico.pt\\\/wp-content\\\/uploads\\\/2023\\\/07\\\/atlantico-fotos-10.jpg&quot;},{&quot;id&quot;:1862,&quot;url&quot;:&quot;https:\\\/\\\/restaurante-atlantico.pt\\\/wp-content\\\/uploads\\\/2023\\\/07\\\/tbone.jpg&quot;},{&quot;id&quot;:2027,&quot;url&quot;:&quot;https:\\\/\\\/restaurante-atlantico.pt\\\/wp-content\\\/uploads\\\/2025\\\/07\\\/4.jpg&quot;},{&quot;id&quot;:1593,&quot;url&quot;:&quot;https:\\\/\\\/restaurante-atlantico.pt\\\/wp-content\\\/uploads\\\/2023\\\/07\\\/atlantico-fotos-8.jpg&quot;},{&quot;id&quot;:1594,&quot;url&quot;:&quot;https:\\\/\\\/restaurante-atlantico.pt\\\/wp-content\\\/uploads\\\/2023\\\/07\\\/atlantico-fotos-9.jpg&quot;},{&quot;id&quot;:1589,&quot;url&quot;:&quot;https:\\\/\\\/restaurante-atlantico.pt\\\/wp-content\\\/uploads\\\/2023\\\/07\\\/atlantico-fotos-4.jpg&quot;},{&quot;id&quot;:1585,&quot;url&quot;:&quot;https:\\\/\\\/restaurante-atlantico.pt\\\/wp-content\\\/uploads\\\/2023\\\/07\\\/atlantico-fotos-13.jpg&quot;},{&quot;id&quot;:1590,&quot;url&quot;:&quot;https:\\\/\\\/restaurante-atlantico.pt\\\/wp-content\\\/uploads\\\/2023\\\/07\\\/atlantico-fotos-5.jpg&quot;}],&quot;background_slideshow_ken_burns&quot;:&quot;yes&quot;,&quot;background_slideshow_ken_burns_zoom_direction&quot;:&quot;out&quot;,&quot;shape_divider_bottom&quot;:&quot;mountains&quot;,&quot;background_slideshow_loop&quot;:&quot;yes&quot;,&quot;background_slideshow_slide_duration&quot;:5000,&quot;background_slideshow_slide_transition&quot;:&quot;fade&quot;,&quot;background_slideshow_transition_duration&quot;:500}\">\n\t\t\t\t\t\t\t<div class=\"elementor-background-overlay\"><\/div>\n\t\t\t\t\t\t<div class=\"elementor-shape elementor-shape-bottom\" aria-hidden=\"true\" data-negative=\"false\">\n\t\t\t<svg xmlns=\"http:\/\/www.w3.org\/2000\/svg\" viewBox=\"0 0 1000 100\" preserveAspectRatio=\"none\">\n\t<path class=\"elementor-shape-fill\" opacity=\"0.33\" d=\"M473,67.3c-203.9,88.3-263.1-34-320.3,0C66,119.1,0,59.7,0,59.7V0h1000v59.7 c0,0-62.1,26.1-94.9,29.3c-32.8,3.3-62.8-12.3-75.8-22.1C806,49.6,745.3,8.7,694.9,4.7S492.4,59,473,67.3z\"\/>\n\t<path class=\"elementor-shape-fill\" opacity=\"0.66\" d=\"M734,67.3c-45.5,0-77.2-23.2-129.1-39.1c-28.6-8.7-150.3-10.1-254,39.1 s-91.7-34.4-149.2,0C115.7,118.3,0,39.8,0,39.8V0h1000v36.5c0,0-28.2-18.5-92.1-18.5C810.2,18.1,775.7,67.3,734,67.3z\"\/>\n\t<path class=\"elementor-shape-fill\" d=\"M766.1,28.9c-200-57.5-266,65.5-395.1,19.5C242,1.8,242,5.4,184.8,20.6C128,35.8,132.3,44.9,89.9,52.5C28.6,63.7,0,0,0,0 h1000c0,0-9.9,40.9-83.6,48.1S829.6,47,766.1,28.9z\"\/>\n<\/svg>\t\t<\/div>\n\t\t\t\t\t<div class=\"elementor-container elementor-column-gap-no\">\n\t\t\t\t\t<div class=\"elementor-column elementor-col-100 elementor-inner-column elementor-element elementor-element-38845da dark-color\" data-id=\"38845da\" data-element_type=\"column\">\n\t\t\t<div class=\"elementor-widget-wrap elementor-element-populated\">\n\t\t\t\t\t\t<div class=\"elementor-element elementor-element-ca15365 elementor-widget elementor-widget-pt_title\" data-id=\"ca15365\" data-element_type=\"widget\" data-widget_type=\"pt_title.default\">\n\t\t\t\t<div class=\"elementor-widget-container\">\n\t\t\t\t\t\n        <div class=\"pt-title-wrap text-center\">\t            <h2 class=\"pt-title\">\n\t                Tradition, Fra\u00eecheur et Saveurs de l\u2019Algarve\t            <\/h2>        <\/div>\t\t\t\t<\/div>\n\t\t\t\t<\/div>\n\t\t\t\t<div class=\"elementor-element elementor-element-4db6b8c elementor-widget__width-auto elementor-widget elementor-widget-pt_button\" data-id=\"4db6b8c\" data-element_type=\"widget\" data-widget_type=\"pt_button.default\">\n\t\t\t\t<div class=\"elementor-widget-container\">\n\t\t\t\t\t        <a href=\"https:\/\/restaurante-atlantico.pt\/menu-digital\/\" class=\"elementor-button-link button pt-btn-color-white\" role=\"button\">\n            <span class=\"pt-btn-text\">Menu Digital<\/span>\n        <\/a>\t\t\t\t<\/div>\n\t\t\t\t<\/div>\n\t\t\t\t<div class=\"elementor-element elementor-element-a88a82a elementor-widget__width-auto elementor-widget elementor-widget-pt_button\" data-id=\"a88a82a\" data-element_type=\"widget\" data-widget_type=\"pt_button.default\">\n\t\t\t\t<div class=\"elementor-widget-container\">\n\t\t\t\t\t        <a href=\"https:\/\/wa.me\/+351926008502\" target=\"_blank\" rel=\"nofollow\" class=\"elementor-button-link button pt-btn-outline pt-btn-color-white\" role=\"button\">\n            <span class=\"pt-btn-text\">R\u00e9server<\/span>\n        <\/a>\t\t\t\t<\/div>\n\t\t\t\t<\/div>\n\t\t\t\t\t<\/div>\n\t\t<\/div>\n\t\t\t\t\t<\/div>\n\t\t<\/section>\n\t\t\t\t\t<\/div>\n\t\t<\/div>\n\t\t\t\t\t<\/div>\n\t\t<\/section>\n\t\t\t\t<section class=\"elementor-section elementor-top-section elementor-element elementor-element-9bd6a0f elementor-section-boxed elementor-section-height-default elementor-section-height-default\" data-id=\"9bd6a0f\" data-element_type=\"section\">\n\t\t\t\t\t\t<div class=\"elementor-container elementor-column-gap-no\">\n\t\t\t\t\t<div class=\"elementor-column elementor-col-100 elementor-top-column elementor-element elementor-element-3eee8e9\" data-id=\"3eee8e9\" data-element_type=\"column\">\n\t\t\t<div class=\"elementor-widget-wrap elementor-element-populated\">\n\t\t\t\t\t\t<div class=\"elementor-element elementor-element-66accf8 pt-animation-medium-offset elementor-invisible elementor-widget elementor-widget-pt_title\" data-id=\"66accf8\" data-element_type=\"widget\" data-settings=\"{&quot;_animation&quot;:&quot;fadeInUp&quot;}\" data-widget_type=\"pt_title.default\">\n\t\t\t\t<div class=\"elementor-widget-container\">\n\t\t\t\t\t\n        <div class=\"pt-title-wrap text-center\">\t            <div class=\"pt-subtitle-wrap\"><span class=\"pt-subtitle color-secondary\">Restaurant Atl\u00e2ntico \u00e0 Praia da Luz - Lagos - Algarve<\/span><\/div>\t            <h3 class=\"pt-title\">\n\t                tradition de l\u2019Algarve\t            <\/h3>\t            <div class=\"pt-title-text\">\n\t                <p>Bienvenue au restaurant Atl\u00e2ntico, votre destination gastronomique exclusive sur la magnifique c\u00f4te de l\u2019Algarve.<\/p>\t            <\/div>                <div class=\"pt-title-btn\">\n                    <a class=\"button elementor-button-link pt-btn-color-secondary pt-btn-outline\" role=\"button\" href=\"https:\/\/wa.me\/+351926008502\" target=\"_blank\" rel=\"nofollow\">\n                        <span class=\"pt-btn-text\">R\u00e9servez votre table<\/span>\n                    <\/a>\n                <\/div>\n                    <\/div>\t\t\t\t<\/div>\n\t\t\t\t<\/div>\n\t\t\t\t\t<\/div>\n\t\t<\/div>\n\t\t\t\t\t<\/div>\n\t\t<\/section>\n\t\t\t\t<section class=\"elementor-section elementor-top-section elementor-element elementor-element-79c91ad elementor-section-full_width elementor-section-height-min-height elementor-section-items-stretch elementor-section-height-default\" data-id=\"79c91ad\" data-element_type=\"section\" id=\"about\" data-settings=\"{&quot;background_background&quot;:&quot;classic&quot;}\">\n\t\t\t\t\t\t<div class=\"elementor-container elementor-column-gap-no\">\n\t\t\t\t\t<div class=\"elementor-column elementor-col-50 elementor-top-column elementor-element elementor-element-a2dc841\" data-id=\"a2dc841\" data-element_type=\"column\" data-settings=\"{&quot;background_background&quot;:&quot;classic&quot;}\">\n\t\t\t<div class=\"elementor-widget-wrap elementor-element-populated\">\n\t\t\t\t\t\t<div class=\"elementor-element elementor-element-a1e40f3 elementor-widget elementor-widget-spacer\" data-id=\"a1e40f3\" data-element_type=\"widget\" data-widget_type=\"spacer.default\">\n\t\t\t\t<div class=\"elementor-widget-container\">\n\t\t\t\t\t\t\t<div class=\"elementor-spacer\">\n\t\t\t<div class=\"elementor-spacer-inner\"><\/div>\n\t\t<\/div>\n\t\t\t\t\t\t<\/div>\n\t\t\t\t<\/div>\n\t\t\t\t\t<\/div>\n\t\t<\/div>\n\t\t\t\t<div class=\"elementor-column elementor-col-50 elementor-top-column elementor-element elementor-element-93631a9\" data-id=\"93631a9\" data-element_type=\"column\" data-settings=\"{&quot;background_background&quot;:&quot;classic&quot;}\">\n\t\t\t<div class=\"elementor-widget-wrap elementor-element-populated\">\n\t\t\t\t\t\t<div class=\"elementor-element elementor-element-635f4b6 pt-animation-medium-offset elementor-invisible elementor-widget elementor-widget-pt_title\" data-id=\"635f4b6\" data-element_type=\"widget\" data-settings=\"{&quot;_animation&quot;:&quot;fadeInUp&quot;,&quot;_animation_delay&quot;:100}\" data-widget_type=\"pt_title.default\">\n\t\t\t\t<div class=\"elementor-widget-container\">\n\t\t\t\t\t\n        <div class=\"pt-title-wrap\">\t            <div class=\"pt-subtitle-wrap\"><span class=\"pt-subtitle color-secondary\">En savoir un peu plus<\/span><\/div>\t            <h3 class=\"pt-title\">\n\t                \u00c0 propos de nous\t            <\/h3>\t            <div class=\"pt-title-text\">\n\t                <div class=\"pt-title-text\"><p data-start=\"385\" data-end=\"547\">Inaugur\u00e9 en 2021, en pleine pand\u00e9mie, nous nous engageons \u00e0 offrir une exp\u00e9rience culinaire d\u2019excellence, o\u00f9 tradition, fra\u00eecheur et saveurs uniques s\u2019unissent.<\/p><p data-start=\"549\" data-end=\"843\">Avec une ambiance chaleureuse et pleine de charme, notre restaurant dispose d\u2019un nombre limit\u00e9 de places \u2014 seulement 42 \u2014 comprenant la salle int\u00e9rieure ainsi que la terrasse. Cette exclusivit\u00e9 nous permet d\u2019offrir un service personnalis\u00e9 et une exp\u00e9rience plus intime \u00e0 nos pr\u00e9cieux clients.<\/p><p data-start=\"845\" data-end=\"1256\">Rendez-nous visite prochainement et d\u00e9couvrez pourquoi notre restaurant est reconnu comme une r\u00e9f\u00e9rence gastronomique dans la r\u00e9gion. Ressentez la fra\u00eecheur de la mer \u00e0 chaque bouch\u00e9e et laissez-vous s\u00e9duire par l\u2019authenticit\u00e9 de nos plats. Nous aurons le plus grand plaisir de vous accueillir au restaurant Atl\u00e2ntico, o\u00f9 tradition et fra\u00eecheur se rencontrent dans une exp\u00e9rience gastronomique exceptionnelle.<\/p><p data-start=\"1258\" data-end=\"1469\">Contactez-nous pour effectuer votre r\u00e9servation, en gardant \u00e0 l\u2019esprit que les places sont limit\u00e9es. Pr\u00e9parez-vous \u00e0 savourer le meilleur de la cuisine de l\u2019Algarve et \u00e0 vivre des moments m\u00e9morables avec nous.<\/p><\/div>\t            <\/div>                <div class=\"pt-title-btn\">\n                    <a class=\"button elementor-button-link pt-btn-color-secondary pt-btn-outline\" role=\"button\" href=\"https:\/\/wa.me\/+351926008502\" target=\"_blank\" rel=\"nofollow\">\n                        <span class=\"pt-btn-text\">R\u00e9servez votre table maintenant<\/span>\n                    <\/a>\n                <\/div>\n                    <\/div>\t\t\t\t<\/div>\n\t\t\t\t<\/div>\n\t\t\t\t\t<\/div>\n\t\t<\/div>\n\t\t\t\t\t<\/div>\n\t\t<\/section>\n\t\t\t\t<section class=\"elementor-section elementor-top-section elementor-element elementor-element-1930656 elementor-section-full_width elementor-section-height-min-height elementor-section-items-stretch elementor-reverse-mobile elementor-section-height-default\" data-id=\"1930656\" data-element_type=\"section\" data-settings=\"{&quot;background_background&quot;:&quot;classic&quot;}\">\n\t\t\t\t\t\t<div class=\"elementor-container elementor-column-gap-no\">\n\t\t\t\t\t<div class=\"elementor-column elementor-col-50 elementor-top-column elementor-element elementor-element-b18db22\" data-id=\"b18db22\" data-element_type=\"column\">\n\t\t\t<div class=\"elementor-widget-wrap elementor-element-populated\">\n\t\t\t\t\t\t<div class=\"elementor-element elementor-element-d0ad6b8 pt-animation-medium-offset elementor-invisible elementor-widget elementor-widget-pt_title\" data-id=\"d0ad6b8\" data-element_type=\"widget\" data-settings=\"{&quot;_animation&quot;:&quot;fadeInUp&quot;,&quot;_animation_delay&quot;:100}\" data-widget_type=\"pt_title.default\">\n\t\t\t\t<div class=\"elementor-widget-container\">\n\t\t\t\t\t\n        <div class=\"pt-title-wrap\">\t            <div class=\"pt-subtitle-wrap\"><span class=\"pt-subtitle color-secondary\">Une cuisine d\u2019excellence<\/span><\/div>\t            <h3 class=\"pt-title\">\n\t                Notre Menu\t            <\/h3>\t            <div class=\"pt-title-text\">\n\t                <p data-start=\"1547\" data-end=\"1947\">Au Restaurant Atl\u00e2ntico, nous sommes fiers d\u2019offrir le meilleur poisson et les meilleurs fruits de mer frais, p\u00each\u00e9s par des p\u00eacheurs locaux le long de la c\u00f4te de l\u2019Algarve. Nous croyons que la qualit\u00e9 des ingr\u00e9dients est essentielle pour cr\u00e9er des plats authentiques et d\u00e9licieux. Ici, vous pourrez savourer la cuisine typiquement portugaise, o\u00f9 les saveurs de l\u2019Atlantique sont mises \u00e0 l\u2019honneur.<\/p><p data-start=\"1949\" data-end=\"2378\" data-is-last-node=\"\" data-is-only-node=\"\">Notre \u00e9quipe de chefs talentueux utilise des techniques culinaires raffin\u00e9es pour sublimer le go\u00fbt de nos produits locaux. Chaque plat est pr\u00e9par\u00e9 avec soin, en combinant saveurs et textures de mani\u00e8re unique, afin d\u2019offrir une exp\u00e9rience gastronomique m\u00e9morable. Que ce soit pour un d\u00eener romantique en bord de mer ou pour une occasion sp\u00e9ciale, le restaurant Atl\u00e2ntico est l\u2019endroit id\u00e9al pour profiter de moments inoubliables.<\/p>\t            <\/div>        <\/div>\t\t\t\t<\/div>\n\t\t\t\t<\/div>\n\t\t\t\t<div class=\"elementor-element elementor-element-3193d13 pt-animation-medium-offset elementor-invisible elementor-widget elementor-widget-pt_list\" data-id=\"3193d13\" data-element_type=\"widget\" data-settings=\"{&quot;_animation&quot;:&quot;fadeInUp&quot;,&quot;_animation_delay&quot;:300}\" data-widget_type=\"pt_list.default\">\n\t\t\t\t<div class=\"elementor-widget-container\">\n\t\t\t\t\t\n            <ul class=\"pt-list pt-list-type-ordered type-upper-roman with-border color-secondary\">                <li>                        <span class=\"list-icon color-secondary\">\n                                                    <\/span>                    <span class=\"list-content\">Menu digital<\/span>                        <a class=\"list-link\" href=\"https:\/\/restaurante-atlantico.pt\/fr\/menu-digital-2\/\"><\/a>                <\/li>                <li>                        <span class=\"list-icon color-secondary\">\n                                                    <\/span>                    <span class=\"list-content\">Carte des vins<\/span>                        <a class=\"list-link\" href=\"https:\/\/restaurante-atlantico.pt\/fr\/menu-vinhos\/\"><\/a>                <\/li>            <\/ul>\t\t\t\t<\/div>\n\t\t\t\t<\/div>\n\t\t\t\t\t<\/div>\n\t\t<\/div>\n\t\t\t\t<div class=\"elementor-column elementor-col-50 elementor-top-column elementor-element elementor-element-3e699f2\" data-id=\"3e699f2\" data-element_type=\"column\" data-settings=\"{&quot;background_background&quot;:&quot;classic&quot;}\">\n\t\t\t<div class=\"elementor-widget-wrap elementor-element-populated\">\n\t\t\t\t\t\t<div class=\"elementor-element elementor-element-b8ab2fb elementor-widget elementor-widget-spacer\" data-id=\"b8ab2fb\" data-element_type=\"widget\" data-widget_type=\"spacer.default\">\n\t\t\t\t<div class=\"elementor-widget-container\">\n\t\t\t\t\t\t\t<div class=\"elementor-spacer\">\n\t\t\t<div class=\"elementor-spacer-inner\"><\/div>\n\t\t<\/div>\n\t\t\t\t\t\t<\/div>\n\t\t\t\t<\/div>\n\t\t\t\t\t<\/div>\n\t\t<\/div>\n\t\t\t\t\t<\/div>\n\t\t<\/section>\n\t\t\t\t<\/div>\n\t\t","protected":false},"excerpt":{"rendered":"<p>Tradition, Fra\u00eecheur et Saveurs de l\u2019Algarve Menu Digital R\u00e9server Restaurant Atl\u00e2ntico \u00e0 Praia da Luz &#8211; Lagos &#8211; Algarve tradition de l\u2019Algarve Bienvenue au restaurant Atl\u00e2ntico, votre destination gastronomique exclusive sur la magnifique c\u00f4te de l\u2019Algarve. R\u00e9servez votre table En savoir un peu plus \u00c0 propos de nous Inaugur\u00e9 en 2021, en pleine pand\u00e9mie, nous &#8230;<\/p>\n","protected":false},"author":1,"featured_media":0,"parent":0,"menu_order":0,"comment_status":"closed","ping_status":"closed","template":"template-wide-content.php","meta":{"patiotime_single_page_hide_site_header":"","patiotime_single_page_site_header_source":"custom","patiotime_single_page_custom_site_header":"1700","patiotime_single_page_custom_sticky_site_header":"","patiotime_single_page_hide_page_title":"on","patiotime_single_page_header_section_size":"","patiotime_single_page_header_background_color":"","patiotime_single_page_header_background_position_x":"center","patiotime_single_page_header_background_position_y":"center","patiotime_single_page_header_background_size":"cover","patiotime_single_page_header_background_repeat":"off","patiotime_single_page_header_background_scroll":"on","patiotime_single_page_header_text_color":"","patiotime_single_page_header_show_breadcrumb":"","patiotime_single_page_site_footer_hide_main":"","patiotime_single_custom_site_footer_main_source":"","patiotime_single_custom_site_footer_main":"","patiotime_single_page_site_footer_hide_above":"","patiotime_single_custom_site_footer_above_source":"","patiotime_single_custom_site_footer_above":"","patiotime_single_page_site_footer_hide_instagram":"","patiotime_single_page_site_footer_hide_bottom":"","patiotime_single_custom_mobile_menu_source":"","patiotime_single_custom_mobile_menu":"","patiotime_single_custom_mobile_menu_animation":"","patiotime_single_custom_mobile_menu_width":"","patiotime_single_custom_mobile_menu_custom_width":375,"footnotes":""},"class_list":["post-2172","page","type-page","status-publish","hentry"],"yoast_head":"<!-- This site is optimized with the Yoast SEO plugin v26.1.1 - https:\/\/yoast.com\/wordpress\/plugins\/seo\/ -->\n<title>Restaurante Atl\u00e2ntico - Comida Tradicional no Barlavento - Algarve<\/title>\n<meta name=\"description\" content=\"Restaurante Atl\u00e2ntico na Praia da Luz, Lagos - Algarve. Um destino gastron\u00f3mico de tradi\u00e7\u00e3o, frescor e sabores \u00fanicos num ambiente acolhedor.\" \/>\n<meta name=\"robots\" content=\"index, follow, max-snippet:-1, max-image-preview:large, max-video-preview:-1\" \/>\n<link rel=\"canonical\" href=\"https:\/\/restaurante-atlantico.pt\/fr\/\" \/>\n<meta property=\"og:locale\" content=\"fr_FR\" \/>\n<meta property=\"og:type\" content=\"article\" \/>\n<meta property=\"og:title\" content=\"Restaurante Atl\u00e2ntico - Comida Tradicional no Barlavento - Algarve\" \/>\n<meta property=\"og:description\" content=\"Restaurante Atl\u00e2ntico na Praia da Luz, Lagos - Algarve. Um destino gastron\u00f3mico de tradi\u00e7\u00e3o, frescor e sabores \u00fanicos num ambiente acolhedor.\" \/>\n<meta property=\"og:url\" content=\"https:\/\/restaurante-atlantico.pt\/fr\/\" \/>\n<meta property=\"og:site_name\" content=\"Restaurante Atl\u00e2ntico\" \/>\n<meta property=\"article:modified_time\" content=\"2026-02-22T16:08:15+00:00\" \/>\n<meta name=\"twitter:card\" content=\"summary_large_image\" \/>\n<meta name=\"twitter:label1\" content=\"Dur\u00e9e de lecture estim\u00e9e\" \/>\n\t<meta name=\"twitter:data1\" content=\"2 minutes\" \/>\n<script type=\"application\/ld+json\" class=\"yoast-schema-graph\">{\"@context\":\"https:\/\/schema.org\",\"@graph\":[{\"@type\":\"WebPage\",\"@id\":\"https:\/\/restaurante-atlantico.pt\/fr\/\",\"url\":\"https:\/\/restaurante-atlantico.pt\/fr\/\",\"name\":\"Restaurante Atl\u00e2ntico - Comida Tradicional no Barlavento - Algarve\",\"isPartOf\":{\"@id\":\"https:\/\/restaurante-atlantico.pt\/#website\"},\"datePublished\":\"2022-04-26T07:29:19+00:00\",\"dateModified\":\"2026-02-22T16:08:15+00:00\",\"description\":\"Restaurante Atl\u00e2ntico na Praia da Luz, Lagos - Algarve. Um destino gastron\u00f3mico de tradi\u00e7\u00e3o, frescor e sabores \u00fanicos num ambiente acolhedor.\",\"breadcrumb\":{\"@id\":\"https:\/\/restaurante-atlantico.pt\/fr\/#breadcrumb\"},\"inLanguage\":\"fr-FR\",\"potentialAction\":[{\"@type\":\"ReadAction\",\"target\":[\"https:\/\/restaurante-atlantico.pt\/fr\/\"]}]},{\"@type\":\"BreadcrumbList\",\"@id\":\"https:\/\/restaurante-atlantico.pt\/fr\/#breadcrumb\",\"itemListElement\":[{\"@type\":\"ListItem\",\"position\":1,\"name\":\"In\u00edcio\",\"item\":\"https:\/\/restaurante-atlantico.pt\/fr\/\"},{\"@type\":\"ListItem\",\"position\":2,\"name\":\"Home\"}]},{\"@type\":\"WebSite\",\"@id\":\"https:\/\/restaurante-atlantico.pt\/#website\",\"url\":\"https:\/\/restaurante-atlantico.pt\/\",\"name\":\"Restaurante Atl\u00e2ntico\",\"description\":\"Comida Tradicional na Praia da Luz - Lagos - Algarve\",\"publisher\":{\"@id\":\"https:\/\/restaurante-atlantico.pt\/#organization\"},\"potentialAction\":[{\"@type\":\"SearchAction\",\"target\":{\"@type\":\"EntryPoint\",\"urlTemplate\":\"https:\/\/restaurante-atlantico.pt\/?s={search_term_string}\"},\"query-input\":{\"@type\":\"PropertyValueSpecification\",\"valueRequired\":true,\"valueName\":\"search_term_string\"}}],\"inLanguage\":\"fr-FR\"},{\"@type\":\"Organization\",\"@id\":\"https:\/\/restaurante-atlantico.pt\/#organization\",\"name\":\"Restaurante Atl\u00e2ntico\",\"url\":\"https:\/\/restaurante-atlantico.pt\/\",\"logo\":{\"@type\":\"ImageObject\",\"inLanguage\":\"fr-FR\",\"@id\":\"https:\/\/restaurante-atlantico.pt\/#\/schema\/logo\/image\/\",\"url\":\"https:\/\/restaurante-atlantico.pt\/wp-content\/uploads\/2023\/06\/atlantico-logo.png\",\"contentUrl\":\"https:\/\/restaurante-atlantico.pt\/wp-content\/uploads\/2023\/06\/atlantico-logo.png\",\"width\":500,\"height\":74,\"caption\":\"Restaurante Atl\u00e2ntico\"},\"image\":{\"@id\":\"https:\/\/restaurante-atlantico.pt\/#\/schema\/logo\/image\/\"}}]}<\/script>\n<!-- \/ Yoast SEO plugin. -->","yoast_head_json":{"title":"Restaurante Atl\u00e2ntico - Comida Tradicional no Barlavento - Algarve","description":"Restaurante Atl\u00e2ntico na Praia da Luz, Lagos - Algarve. Um destino gastron\u00f3mico de tradi\u00e7\u00e3o, frescor e sabores \u00fanicos num ambiente acolhedor.","robots":{"index":"index","follow":"follow","max-snippet":"max-snippet:-1","max-image-preview":"max-image-preview:large","max-video-preview":"max-video-preview:-1"},"canonical":"https:\/\/restaurante-atlantico.pt\/fr\/","og_locale":"fr_FR","og_type":"article","og_title":"Restaurante Atl\u00e2ntico - Comida Tradicional no Barlavento - Algarve","og_description":"Restaurante Atl\u00e2ntico na Praia da Luz, Lagos - Algarve. Um destino gastron\u00f3mico de tradi\u00e7\u00e3o, frescor e sabores \u00fanicos num ambiente acolhedor.","og_url":"https:\/\/restaurante-atlantico.pt\/fr\/","og_site_name":"Restaurante Atl\u00e2ntico","article_modified_time":"2026-02-22T16:08:15+00:00","twitter_card":"summary_large_image","twitter_misc":{"Dur\u00e9e de lecture estim\u00e9e":"2 minutes"},"schema":{"@context":"https:\/\/schema.org","@graph":[{"@type":"WebPage","@id":"https:\/\/restaurante-atlantico.pt\/fr\/","url":"https:\/\/restaurante-atlantico.pt\/fr\/","name":"Restaurante Atl\u00e2ntico - Comida Tradicional no Barlavento - Algarve","isPartOf":{"@id":"https:\/\/restaurante-atlantico.pt\/#website"},"datePublished":"2022-04-26T07:29:19+00:00","dateModified":"2026-02-22T16:08:15+00:00","description":"Restaurante Atl\u00e2ntico na Praia da Luz, Lagos - Algarve. Um destino gastron\u00f3mico de tradi\u00e7\u00e3o, frescor e sabores \u00fanicos num ambiente acolhedor.","breadcrumb":{"@id":"https:\/\/restaurante-atlantico.pt\/fr\/#breadcrumb"},"inLanguage":"fr-FR","potentialAction":[{"@type":"ReadAction","target":["https:\/\/restaurante-atlantico.pt\/fr\/"]}]},{"@type":"BreadcrumbList","@id":"https:\/\/restaurante-atlantico.pt\/fr\/#breadcrumb","itemListElement":[{"@type":"ListItem","position":1,"name":"In\u00edcio","item":"https:\/\/restaurante-atlantico.pt\/fr\/"},{"@type":"ListItem","position":2,"name":"Home"}]},{"@type":"WebSite","@id":"https:\/\/restaurante-atlantico.pt\/#website","url":"https:\/\/restaurante-atlantico.pt\/","name":"Restaurante Atl\u00e2ntico","description":"Comida Tradicional na Praia da Luz - Lagos - Algarve","publisher":{"@id":"https:\/\/restaurante-atlantico.pt\/#organization"},"potentialAction":[{"@type":"SearchAction","target":{"@type":"EntryPoint","urlTemplate":"https:\/\/restaurante-atlantico.pt\/?s={search_term_string}"},"query-input":{"@type":"PropertyValueSpecification","valueRequired":true,"valueName":"search_term_string"}}],"inLanguage":"fr-FR"},{"@type":"Organization","@id":"https:\/\/restaurante-atlantico.pt\/#organization","name":"Restaurante Atl\u00e2ntico","url":"https:\/\/restaurante-atlantico.pt\/","logo":{"@type":"ImageObject","inLanguage":"fr-FR","@id":"https:\/\/restaurante-atlantico.pt\/#\/schema\/logo\/image\/","url":"https:\/\/restaurante-atlantico.pt\/wp-content\/uploads\/2023\/06\/atlantico-logo.png","contentUrl":"https:\/\/restaurante-atlantico.pt\/wp-content\/uploads\/2023\/06\/atlantico-logo.png","width":500,"height":74,"caption":"Restaurante Atl\u00e2ntico"},"image":{"@id":"https:\/\/restaurante-atlantico.pt\/#\/schema\/logo\/image\/"}}]}},"_links":{"self":[{"href":"https:\/\/restaurante-atlantico.pt\/fr\/wp-json\/wp\/v2\/pages\/2172","targetHints":{"allow":["GET"]}}],"collection":[{"href":"https:\/\/restaurante-atlantico.pt\/fr\/wp-json\/wp\/v2\/pages"}],"about":[{"href":"https:\/\/restaurante-atlantico.pt\/fr\/wp-json\/wp\/v2\/types\/page"}],"author":[{"embeddable":true,"href":"https:\/\/restaurante-atlantico.pt\/fr\/wp-json\/wp\/v2\/users\/1"}],"replies":[{"embeddable":true,"href":"https:\/\/restaurante-atlantico.pt\/fr\/wp-json\/wp\/v2\/comments?post=2172"}],"version-history":[{"count":7,"href":"https:\/\/restaurante-atlantico.pt\/fr\/wp-json\/wp\/v2\/pages\/2172\/revisions"}],"predecessor-version":[{"id":2238,"href":"https:\/\/restaurante-atlantico.pt\/fr\/wp-json\/wp\/v2\/pages\/2172\/revisions\/2238"}],"wp:attachment":[{"href":"https:\/\/restaurante-atlantico.pt\/fr\/wp-json\/wp\/v2\/media?parent=2172"}],"curies":[{"name":"wp","href":"https:\/\/api.w.org\/{rel}","templated":true}]}}